{"id":412,"date":"2026-03-30T14:11:17","date_gmt":"2026-03-30T12:11:17","guid":{"rendered":"https:\/\/rutadelosmercaderes.com\/news\/"},"modified":"2026-05-25T09:26:08","modified_gmt":"2026-05-25T07:26:08","slug":"news","status":"publish","type":"page","link":"https:\/\/rutadelosmercaderes.com\/en\/news\/","title":{"rendered":"News"},"content":{"rendered":"<div class=\"et_pb_section_0 et_pb_section et_section_regular et_block_section\">\n<div class=\"et_pb_row_0 et_pb_row et_block_row\">\n<div class=\"et_pb_column_0 et_pb_column et_pb_column_4_4 et-last-child et_block_column et_pb_css_mix_blend_mode_passthrough\">\n<div class=\"et_pb_text_0 et_pb_text et_pb_bg_layout_light et_pb_module et_block_module\"><div class=\"et_pb_text_inner\"><h1 style=\"text-align: center;\">News<\/h1>\n<\/div><\/div>\n<\/div>\n<\/div>\n<\/div>\n\n<div class=\"et_pb_section_1 et_pb_section et_section_regular et_block_section\">\n<div class=\"et_pb_row_1 et_pb_row et_block_row\">\n<div class=\"et_pb_column_1 et_pb_column et_pb_column_4_4 et-last-child et_block_column et_pb_css_mix_blend_mode_passthrough\">\n<div class=\"et_pb_blog_0 et_pb_blog et_pb_bg_layout_light et_pb_posts et_pb_module\"><div class=\"et_pb_ajax_pagination_container\"><div class=\"et_pb_blog_posts et_grid_module\"><article class=\"et_pb_post et_pb_post_id_643 clearfix et_pb_blog_item_0_0 post-643 post type-post status-publish format-standard has-post-thumbnail hentry category-sin-categorizar\"><div class=\"et_pb_image_container\"><a href=\"https:\/\/rutadelosmercaderes.com\/en\/2026\/09\/02\/what-to-see-near-burgos-cathedral\/\" class=\"entry-featured-image-url\"><img loading=\"lazy\" decoding=\"async\" src=\"https:\/\/rutadelosmercaderes.com\/wp-content\/uploads\/2026\/09\/A-5-minutos-de-la-Catedral-Burgos.png\" width=\"400\" height=\"250\" alt=\"qu\u00e9 ver cerca de la Catedral de Burgos\" class=\"\" srcset=\"https:\/\/rutadelosmercaderes.com\/wp-content\/uploads\/2026\/09\/A-5-minutos-de-la-Catedral-Burgos.png 479w, https:\/\/rutadelosmercaderes.com\/wp-content\/uploads\/2026\/09\/A-5-minutos-de-la-Catedral-Burgos-400x250.png 480w\" sizes=\"(max-width:479px) 479px, 100vw\" \/><span data-icon=\"\ue050\" class=\"et_overlay et_pb_inline_icon\"><\/span><\/a><\/div><h2 class=\"entry-title\"><a href=\"https:\/\/rutadelosmercaderes.com\/en\/2026\/09\/02\/what-to-see-near-burgos-cathedral\/\">You&#8217;re at Burgos Cathedral: Here&#8217;s What&#8217;s 5 Minutes Away (and 90% of Tourists Miss It)<\/a><\/h2><p class=\"post-meta\"><span class=\"published\">Sep 2, 2026<\/span> | <span class=\"entry-categories\"><a href=\"https:\/\/rutadelosmercaderes.com\/en\/category\/sin-categorizar\/\" rel=\"tag\">Sin categorizar<\/a><\/span><\/p><div class=\"post-content\"><div class=\"post-content-inner\"><p>Quick answer: Very near Burgos Cathedral, just a 5-minute walk along Calle Fern\u00e1n Gonz\u00e1lez, stand three monuments that almost no one visits: the Church of San Nicol\u00e1s...<\/p>\n<\/div><a href=\"https:\/\/rutadelosmercaderes.com\/en\/2026\/09\/02\/what-to-see-near-burgos-cathedral\/\" class=\"more-link\">read more...<\/a><\/div><\/article><article class=\"et_pb_post et_pb_post_id_633 clearfix et_pb_blog_item_0_1 post-633 post type-post status-publish format-standard has-post-thumbnail hentry category-sin-categorizar\"><div class=\"et_pb_image_container\"><a href=\"https:\/\/rutadelosmercaderes.com\/en\/2026\/08\/19\/what-to-see-in-burgos-complete-guide\/\" class=\"entry-featured-image-url\"><img loading=\"lazy\" decoding=\"async\" src=\"https:\/\/rutadelosmercaderes.com\/wp-content\/uploads\/2026\/08\/Que-hacer-en-Burgos-Burgos-2.png\" width=\"400\" height=\"250\" alt=\"What to see in Burgos: the guide that starts where the others stop\" class=\"\" srcset=\"https:\/\/rutadelosmercaderes.com\/wp-content\/uploads\/2026\/08\/Que-hacer-en-Burgos-Burgos-2.png 479w, https:\/\/rutadelosmercaderes.com\/wp-content\/uploads\/2026\/08\/Que-hacer-en-Burgos-Burgos-2-400x250.png 480w\" sizes=\"(max-width:479px) 479px, 100vw\" \/><span data-icon=\"\ue050\" class=\"et_overlay et_pb_inline_icon\"><\/span><\/a><\/div><h2 class=\"entry-title\"><a href=\"https:\/\/rutadelosmercaderes.com\/en\/2026\/08\/19\/what-to-see-in-burgos-complete-guide\/\">What to see in Burgos: the guide that starts where the others stop<\/a><\/h2><p class=\"post-meta\"><span class=\"published\">Aug 19, 2026<\/span> | <span class=\"entry-categories\"><a href=\"https:\/\/rutadelosmercaderes.com\/en\/category\/sin-categorizar\/\" rel=\"tag\">Sin categorizar<\/a><\/span><\/p><div class=\"post-content\"><div class=\"post-content-inner\"><p>If you're looking for what to see in Burgos, chances are you already know the first answer: the Cathedral. Fair enough \u2014 it's the obvious, well-deserved starting point...<\/p>\n<\/div><a href=\"https:\/\/rutadelosmercaderes.com\/en\/2026\/08\/19\/what-to-see-in-burgos-complete-guide\/\" class=\"more-link\">read more...<\/a><\/div><\/article><article class=\"et_pb_post et_pb_post_id_612 clearfix et_pb_blog_item_0_2 post-612 post type-post status-publish format-standard has-post-thumbnail hentry category-sin-categorizar\"><div class=\"et_pb_image_container\"><a href=\"https:\/\/rutadelosmercaderes.com\/en\/2026\/07\/29\/alternatives-cathedrale-burgos\/\" class=\"entry-featured-image-url\"><img loading=\"lazy\" decoding=\"async\" src=\"https:\/\/rutadelosmercaderes.com\/wp-content\/uploads\/2026\/07\/Arsmuseorum-burgos-1.png\" width=\"400\" height=\"250\" alt=\"Ars Museorum Burgos: the network connecting the city to 17 churches across the province\" class=\"\" srcset=\"https:\/\/rutadelosmercaderes.com\/wp-content\/uploads\/2026\/07\/Arsmuseorum-burgos-1.png 479w, https:\/\/rutadelosmercaderes.com\/wp-content\/uploads\/2026\/07\/Arsmuseorum-burgos-1-400x250.png 480w\" sizes=\"(max-width:479px) 479px, 100vw\" \/><span data-icon=\"\ue050\" class=\"et_overlay et_pb_inline_icon\"><\/span><\/a><\/div><h2 class=\"entry-title\"><a href=\"https:\/\/rutadelosmercaderes.com\/en\/2026\/07\/29\/alternatives-cathedrale-burgos\/\">Ars Museorum Burgos: the network connecting the city to 17 churches across the province<\/a><\/h2><p class=\"post-meta\"><span class=\"published\">Jul 29, 2026<\/span> | <span class=\"entry-categories\"><a href=\"https:\/\/rutadelosmercaderes.com\/en\/category\/sin-categorizar\/\" rel=\"tag\">Sin categorizar<\/a><\/span><\/p><div class=\"post-content\"><div class=\"post-content-inner\"><p>This week, the CyLTV programme El Arc\u00f3n (Season 13, Episode 46, aired July 25) devoted its airtime to a project that's about to change the way people visit Burgos...<\/p>\n<\/div><a href=\"https:\/\/rutadelosmercaderes.com\/en\/2026\/07\/29\/alternatives-cathedrale-burgos\/\" class=\"more-link\">read more...<\/a><\/div><\/article><article class=\"et_pb_post et_pb_post_id_618 clearfix et_pb_blog_item_0_3 post-618 post type-post status-publish format-standard has-post-thumbnail hentry category-sin-categorizar\"><div class=\"et_pb_image_container\"><a href=\"https:\/\/rutadelosmercaderes.com\/en\/2026\/07\/29\/alternatives-burgos-cathedral\/\" class=\"entry-featured-image-url\"><img loading=\"lazy\" decoding=\"async\" src=\"https:\/\/rutadelosmercaderes.com\/wp-content\/uploads\/2026\/07\/alternativasCatedral-Burgos.png\" width=\"400\" height=\"250\" alt=\"Alternatives to Burgos Cathedral: what else to see once you&#8217;ve visited\" class=\"\" srcset=\"https:\/\/rutadelosmercaderes.com\/wp-content\/uploads\/2026\/07\/alternativasCatedral-Burgos.png 479w, https:\/\/rutadelosmercaderes.com\/wp-content\/uploads\/2026\/07\/alternativasCatedral-Burgos-400x250.png 480w\" sizes=\"(max-width:479px) 479px, 100vw\" \/><span data-icon=\"\ue050\" class=\"et_overlay et_pb_inline_icon\"><\/span><\/a><\/div><h2 class=\"entry-title\"><a href=\"https:\/\/rutadelosmercaderes.com\/en\/2026\/07\/29\/alternatives-burgos-cathedral\/\">Alternatives to Burgos Cathedral: what else to see once you&#8217;ve visited<\/a><\/h2><p class=\"post-meta\"><span class=\"published\">Jul 29, 2026<\/span> | <span class=\"entry-categories\"><a href=\"https:\/\/rutadelosmercaderes.com\/en\/category\/sin-categorizar\/\" rel=\"tag\">Sin categorizar<\/a><\/span><\/p><div class=\"post-content\"><div class=\"post-content-inner\"><p>Burgos Cathedral is, rightly so, the city's essential visit. A UNESCO World Heritage Site since 1984, with eight centuries of history and one of Europe's most admired...<\/p>\n<\/div><a href=\"https:\/\/rutadelosmercaderes.com\/en\/2026\/07\/29\/alternatives-burgos-cathedral\/\" class=\"more-link\">read more...<\/a><\/div><\/article><article class=\"et_pb_post et_pb_post_id_571 clearfix et_pb_blog_item_0_4 post-571 post type-post status-publish format-standard has-post-thumbnail hentry category-sin-categorizar\"><div class=\"et_pb_image_container\"><a href=\"https:\/\/rutadelosmercaderes.com\/en\/2026\/07\/15\/ars-mercatorum-burgos-merchants-route\/\" class=\"entry-featured-image-url\"><img loading=\"lazy\" decoding=\"async\" src=\"https:\/\/rutadelosmercaderes.com\/wp-content\/uploads\/2026\/07\/postRutadelosMercaderes-Burgos-1.png\" width=\"400\" height=\"250\" alt=\"It&#8217;s official: the Merchants&#8217; Route now runs through Burgos\" class=\"\" srcset=\"https:\/\/rutadelosmercaderes.com\/wp-content\/uploads\/2026\/07\/postRutadelosMercaderes-Burgos-1.png 479w, https:\/\/rutadelosmercaderes.com\/wp-content\/uploads\/2026\/07\/postRutadelosMercaderes-Burgos-1-400x250.png 480w\" sizes=\"(max-width:479px) 479px, 100vw\" \/><span data-icon=\"\ue050\" class=\"et_overlay et_pb_inline_icon\"><\/span><\/a><\/div><h2 class=\"entry-title\"><a href=\"https:\/\/rutadelosmercaderes.com\/en\/2026\/07\/15\/ars-mercatorum-burgos-merchants-route\/\">It&#8217;s official: the Merchants&#8217; Route now runs through Burgos<\/a><\/h2><p class=\"post-meta\"><span class=\"published\">Jul 15, 2026<\/span> | <span class=\"entry-categories\"><a href=\"https:\/\/rutadelosmercaderes.com\/en\/category\/sin-categorizar\/\" rel=\"tag\">Sin categorizar<\/a><\/span><\/p><div class=\"post-content\"><div class=\"post-content-inner\"><p>It's official. The Merchants' Route was presented in Burgos a few days ago, and we want to tell you why this moment matters as much as it seems to. The Ars Burgensis...<\/p>\n<\/div><a href=\"https:\/\/rutadelosmercaderes.com\/en\/2026\/07\/15\/ars-mercatorum-burgos-merchants-route\/\" class=\"more-link\">read more...<\/a><\/div><\/article><article class=\"et_pb_post et_pb_post_id_551 clearfix et_pb_blog_item_0_5 post-551 post type-post status-publish format-standard has-post-thumbnail hentry category-sin-categorizar\"><div class=\"et_pb_image_container\"><a href=\"https:\/\/rutadelosmercaderes.com\/en\/2026\/06\/30\/burgos-will-be-the-epicentre-of-the-eclipse-what-will-you-do-the-rest-of-the-day\/\" class=\"entry-featured-image-url\"><img loading=\"lazy\" decoding=\"async\" src=\"https:\/\/rutadelosmercaderes.com\/wp-content\/uploads\/2026\/06\/posteclipse-burgos-1.png\" width=\"400\" height=\"250\" alt=\"Burgos will be the epicentre of the eclipse. What will you do the rest of the day?\" class=\"\" srcset=\"https:\/\/rutadelosmercaderes.com\/wp-content\/uploads\/2026\/06\/posteclipse-burgos-1.png 479w, https:\/\/rutadelosmercaderes.com\/wp-content\/uploads\/2026\/06\/posteclipse-burgos-1-400x250.png 480w\" sizes=\"(max-width:479px) 479px, 100vw\" \/><span data-icon=\"\ue050\" class=\"et_overlay et_pb_inline_icon\"><\/span><\/a><\/div><h2 class=\"entry-title\"><a href=\"https:\/\/rutadelosmercaderes.com\/en\/2026\/06\/30\/burgos-will-be-the-epicentre-of-the-eclipse-what-will-you-do-the-rest-of-the-day\/\">Burgos will be the epicentre of the eclipse. What will you do the rest of the day?<\/a><\/h2><p class=\"post-meta\"><span class=\"published\">Jun 30, 2026<\/span> | <span class=\"entry-categories\"><a href=\"https:\/\/rutadelosmercaderes.com\/en\/category\/sin-categorizar\/\" rel=\"tag\">Sin categorizar<\/a><\/span><\/p><div class=\"post-content\"><div class=\"post-content-inner\"><p>On August 12, 2026, Burgos will experience an event that won't happen again for over a century: a total solar eclipse visible across the entire province. For one minute...<\/p>\n<\/div><a href=\"https:\/\/rutadelosmercaderes.com\/en\/2026\/06\/30\/burgos-will-be-the-epicentre-of-the-eclipse-what-will-you-do-the-rest-of-the-day\/\" class=\"more-link\">read more...<\/a><\/div><\/article><article class=\"et_pb_post et_pb_post_id_439 clearfix et_pb_blog_item_0_6 post-439 post type-post status-publish format-standard has-post-thumbnail hentry category-sin-categorizar\"><div class=\"et_pb_image_container\"><a href=\"https:\/\/rutadelosmercaderes.com\/en\/2026\/05\/08\/the-merchants-route-the-cultural-legacy-of-a-millenary-journey\/\" class=\"entry-featured-image-url\"><img loading=\"lazy\" decoding=\"async\" src=\"https:\/\/rutadelosmercaderes.com\/wp-content\/uploads\/2026\/05\/postlaruta-mercaderes.jpg\" width=\"400\" height=\"250\" alt=\"The Merchants&#039; Route\" class=\"\" srcset=\"https:\/\/rutadelosmercaderes.com\/wp-content\/uploads\/2026\/05\/postlaruta-mercaderes.jpg 479w, https:\/\/rutadelosmercaderes.com\/wp-content\/uploads\/2026\/05\/postlaruta-mercaderes-400x250.jpg 480w\" sizes=\"(max-width:479px) 479px, 100vw\" \/><span data-icon=\"\ue050\" class=\"et_overlay et_pb_inline_icon\"><\/span><\/a><\/div><h2 class=\"entry-title\"><a href=\"https:\/\/rutadelosmercaderes.com\/en\/2026\/05\/08\/the-merchants-route-the-cultural-legacy-of-a-millenary-journey\/\">The Merchants&#8217; Route: The cultural legacy of a millenary journey<\/a><\/h2><p class=\"post-meta\"><span class=\"published\">May 8, 2026<\/span> | <span class=\"entry-categories\"><a href=\"https:\/\/rutadelosmercaderes.com\/en\/category\/sin-categorizar\/\" rel=\"tag\">Sin categorizar<\/a><\/span><\/p><div class=\"post-content\"><div class=\"post-content-inner\"><p>History is often presented to us as a succession of dates and battles, forgetting that the real structural changes of humanity occurred in the silence of the roads. The...<\/p>\n<\/div><a href=\"https:\/\/rutadelosmercaderes.com\/en\/2026\/05\/08\/the-merchants-route-the-cultural-legacy-of-a-millenary-journey\/\" class=\"more-link\">read more...<\/a><\/div><\/article><\/div><div class=\"pagination clearfix\">\n\t<div class=\"alignleft\"><\/div>\n\t<div class=\"alignright\"><\/div>\n<\/div><\/div><\/div>\n<\/div>\n<\/div>\n<\/div>\n\n<div class=\"et_pb_section_2 et_pb_section et_section_regular et_flex_section\"><div class=\"et_pb_row_2 et_pb_row et_flex_row\"><div class=\"et_pb_column_2 et_pb_column et_flex_column et_pb_css_mix_blend_mode_passthrough et_flex_column_12_24 et_flex_column_12_24_tablet et_flex_column_24_24_phone\"><div class=\"et_pb_text_1 et_pb_text et_pb_bg_layout_light et_pb_module et_flex_module\"><div class=\"et_pb_text_inner\"><h3>Download the official app of the Route of the Merchants of Burgos<\/h3>\n<\/div><\/div><div class=\"et_pb_text_2 et_pb_text et_pb_bg_layout_light et_pb_module et_flex_module\"><div class=\"et_pb_text_inner\"><p>Discover all that the route has to offer thanks to the free official app.  <\/p>\n<p>With information about the monuments, a complete and visual visit guide so you won't miss anything.<\/p>\n<\/div><\/div><div class=\"et_pb_row_3 et_pb_row et_pb_row_nested et_flex_row\"><div class=\"et_pb_column_3 et_pb_column et_flex_column et_pb_css_mix_blend_mode_passthrough et_flex_column_12_24 et_flex_column_12_24_tablet et_flex_column_24_24_phone\"><div class=\"et_pb_image_0 et_pb_image et_pb_module et_flex_module\"><a href=\"https:\/\/apps.apple.com\/es\/app\/visita-ars-mercatorum-burgos\/id6761723977\" target=\"_blank\"><span class=\"et_pb_image_wrap\"><img loading=\"lazy\" decoding=\"async\" src=\"https:\/\/rutadelosmercaderes.com\/wp-content\/uploads\/2026\/05\/descargaappstore.png\" title=\"downloadappstore\" width=\"400\" height=\"133\" srcset=\"https:\/\/rutadelosmercaderes.com\/wp-content\/uploads\/2026\/05\/descargaappstore.png 400w, https:\/\/rutadelosmercaderes.com\/wp-content\/uploads\/2026\/05\/descargaappstore-300x100.png 300w\" sizes=\"(max-width: 400px) 100vw, 400px\" class=\"wp-image-360\" \/><\/span><\/a><\/div><\/div><div class=\"et_pb_column_4 et_pb_column et-last-child et_flex_column et_pb_css_mix_blend_mode_passthrough et_flex_column_12_24 et_flex_column_12_24_tablet et_flex_column_24_24_phone\"><div class=\"et_pb_image_1 et_pb_image et_pb_module et_flex_module\"><a href=\"https:\/\/play.google.com\/store\/apps\/details?id=com.jgdelval.rutando.arsMercatorum\" target=\"_blank\"><span class=\"et_pb_image_wrap\"><img loading=\"lazy\" decoding=\"async\" src=\"https:\/\/rutadelosmercaderes.com\/wp-content\/uploads\/2026\/05\/google-play-badge.png\" title=\"google-play-badge\" width=\"400\" height=\"119\" srcset=\"https:\/\/rutadelosmercaderes.com\/wp-content\/uploads\/2026\/05\/google-play-badge.png 400w, https:\/\/rutadelosmercaderes.com\/wp-content\/uploads\/2026\/05\/google-play-badge-300x89.png 300w\" sizes=\"(max-width: 400px) 100vw, 400px\" class=\"wp-image-361\" \/><\/span><\/a><\/div><\/div><\/div><\/div><div class=\"et_pb_column_5 et_pb_column et-last-child et_flex_column et_pb_css_mix_blend_mode_passthrough et_flex_column_12_24 et_flex_column_12_24_tablet et_flex_column_24_24_phone\"><div class=\"et_pb_image_2 et_pb_image et_pb_module et_block_module\"><span class=\"et_pb_image_wrap\"><img loading=\"lazy\" decoding=\"async\" src=\"https:\/\/rutadelosmercaderes.com\/wp-content\/uploads\/2026\/05\/apparsmercatorum.jpg\" title=\"apparsmercatorum\" width=\"500\" height=\"383\" srcset=\"https:\/\/rutadelosmercaderes.com\/wp-content\/uploads\/2026\/05\/apparsmercatorum.jpg 500w, https:\/\/rutadelosmercaderes.com\/wp-content\/uploads\/2026\/05\/apparsmercatorum-480x368.jpg 480w\" sizes=\"(min-width: 0px) and (max-width: 480px) 480px, (min-width: 481px) 500px, 100vw\" class=\"wp-image-359\" \/><\/span><\/div><\/div><\/div><\/div>","protected":false},"excerpt":{"rendered":"","protected":false},"author":1,"featured_media":0,"parent":0,"menu_order":0,"comment_status":"closed","ping_status":"closed","template":"","meta":{"footnotes":""},"class_list":["post-412","page","type-page","status-publish","hentry"],"yoast_head":"<!-- This site is optimized with the Yoast SEO Premium plugin v27.5 (Yoast SEO v28.3) - https:\/\/yoast.com\/product\/yoast-seo-premium-wordpress\/ -->\n<title>News - Ars Mercatorum<\/title>\n<meta name=\"robots\" content=\"index, follow, max-snippet:-1, max-image-preview:large, max-video-preview:-1\" \/>\n<link rel=\"canonical\" href=\"https:\/\/rutadelosmercaderes.com\/en\/news\/\" \/>\n<meta property=\"og:locale\" content=\"en_US\" \/>\n<meta property=\"og:type\" content=\"article\" \/>\n<meta property=\"og:title\" content=\"News\" \/>\n<meta property=\"og:url\" content=\"https:\/\/rutadelosmercaderes.com\/en\/news\/\" \/>\n<meta property=\"og:site_name\" content=\"Ars Mercatorum\" \/>\n<meta property=\"article:modified_time\" content=\"2026-05-25T07:26:08+00:00\" \/>\n<meta name=\"twitter:card\" content=\"summary_large_image\" \/>\n<script type=\"application\/ld+json\" class=\"yoast-schema-graph\">{\"@context\":\"https:\\\/\\\/schema.org\",\"@graph\":[{\"@type\":\"WebPage\",\"@id\":\"https:\\\/\\\/rutadelosmercaderes.com\\\/en\\\/news\\\/\",\"url\":\"https:\\\/\\\/rutadelosmercaderes.com\\\/en\\\/news\\\/\",\"name\":\"News - Ars Mercatorum\",\"isPartOf\":{\"@id\":\"https:\\\/\\\/rutadelosmercaderes.com\\\/en\\\/#website\"},\"datePublished\":\"2026-03-30T12:11:17+00:00\",\"dateModified\":\"2026-05-25T07:26:08+00:00\",\"breadcrumb\":{\"@id\":\"https:\\\/\\\/rutadelosmercaderes.com\\\/en\\\/news\\\/#breadcrumb\"},\"inLanguage\":\"en-US\",\"potentialAction\":[{\"@type\":\"ReadAction\",\"target\":[\"https:\\\/\\\/rutadelosmercaderes.com\\\/en\\\/news\\\/\"]}]},{\"@type\":\"BreadcrumbList\",\"@id\":\"https:\\\/\\\/rutadelosmercaderes.com\\\/en\\\/news\\\/#breadcrumb\",\"itemListElement\":[{\"@type\":\"ListItem\",\"position\":1,\"name\":\"Portada\",\"item\":\"https:\\\/\\\/rutadelosmercaderes.com\\\/en\\\/\"},{\"@type\":\"ListItem\",\"position\":2,\"name\":\"News\"}]},{\"@type\":\"WebSite\",\"@id\":\"https:\\\/\\\/rutadelosmercaderes.com\\\/en\\\/#website\",\"url\":\"https:\\\/\\\/rutadelosmercaderes.com\\\/en\\\/\",\"name\":\"Ars Mercatorum\",\"description\":\"\",\"potentialAction\":[{\"@type\":\"SearchAction\",\"target\":{\"@type\":\"EntryPoint\",\"urlTemplate\":\"https:\\\/\\\/rutadelosmercaderes.com\\\/en\\\/?s={search_term_string}\"},\"query-input\":{\"@type\":\"PropertyValueSpecification\",\"valueRequired\":true,\"valueName\":\"search_term_string\"}}],\"inLanguage\":\"en-US\"}]}<\/script>\n<!-- \/ Yoast SEO Premium plugin. -->","yoast_head_json":{"title":"News - Ars Mercatorum","robots":{"index":"index","follow":"follow","max-snippet":"max-snippet:-1","max-image-preview":"max-image-preview:large","max-video-preview":"max-video-preview:-1"},"canonical":"https:\/\/rutadelosmercaderes.com\/en\/news\/","og_locale":"en_US","og_type":"article","og_title":"News","og_url":"https:\/\/rutadelosmercaderes.com\/en\/news\/","og_site_name":"Ars Mercatorum","article_modified_time":"2026-05-25T07:26:08+00:00","twitter_card":"summary_large_image","schema":{"@context":"https:\/\/schema.org","@graph":[{"@type":"WebPage","@id":"https:\/\/rutadelosmercaderes.com\/en\/news\/","url":"https:\/\/rutadelosmercaderes.com\/en\/news\/","name":"News - Ars Mercatorum","isPartOf":{"@id":"https:\/\/rutadelosmercaderes.com\/en\/#website"},"datePublished":"2026-03-30T12:11:17+00:00","dateModified":"2026-05-25T07:26:08+00:00","breadcrumb":{"@id":"https:\/\/rutadelosmercaderes.com\/en\/news\/#breadcrumb"},"inLanguage":"en-US","potentialAction":[{"@type":"ReadAction","target":["https:\/\/rutadelosmercaderes.com\/en\/news\/"]}]},{"@type":"BreadcrumbList","@id":"https:\/\/rutadelosmercaderes.com\/en\/news\/#breadcrumb","itemListElement":[{"@type":"ListItem","position":1,"name":"Portada","item":"https:\/\/rutadelosmercaderes.com\/en\/"},{"@type":"ListItem","position":2,"name":"News"}]},{"@type":"WebSite","@id":"https:\/\/rutadelosmercaderes.com\/en\/#website","url":"https:\/\/rutadelosmercaderes.com\/en\/","name":"Ars Mercatorum","description":"","potentialAction":[{"@type":"SearchAction","target":{"@type":"EntryPoint","urlTemplate":"https:\/\/rutadelosmercaderes.com\/en\/?s={search_term_string}"},"query-input":{"@type":"PropertyValueSpecification","valueRequired":true,"valueName":"search_term_string"}}],"inLanguage":"en-US"}]}},"_links":{"self":[{"href":"https:\/\/rutadelosmercaderes.com\/en\/wp-json\/wp\/v2\/pages\/412","targetHints":{"allow":["GET"]}}],"collection":[{"href":"https:\/\/rutadelosmercaderes.com\/en\/wp-json\/wp\/v2\/pages"}],"about":[{"href":"https:\/\/rutadelosmercaderes.com\/en\/wp-json\/wp\/v2\/types\/page"}],"author":[{"embeddable":true,"href":"https:\/\/rutadelosmercaderes.com\/en\/wp-json\/wp\/v2\/users\/1"}],"replies":[{"embeddable":true,"href":"https:\/\/rutadelosmercaderes.com\/en\/wp-json\/wp\/v2\/comments?post=412"}],"version-history":[{"count":1,"href":"https:\/\/rutadelosmercaderes.com\/en\/wp-json\/wp\/v2\/pages\/412\/revisions"}],"predecessor-version":[{"id":413,"href":"https:\/\/rutadelosmercaderes.com\/en\/wp-json\/wp\/v2\/pages\/412\/revisions\/413"}],"wp:attachment":[{"href":"https:\/\/rutadelosmercaderes.com\/en\/wp-json\/wp\/v2\/media?parent=412"}],"curies":[{"name":"wp","href":"https:\/\/api.w.org\/{rel}","templated":true}]}}